{"id":61,"date":"2024-06-12T23:45:19","date_gmt":"2024-06-12T21:45:19","guid":{"rendered":"https:\/\/mineralienhandel-ebeling.de\/warenkorb\/"},"modified":"2025-01-18T13:50:45","modified_gmt":"2025-01-18T12:50:45","slug":"warenkorb","status":"publish","type":"page","link":"https:\/\/mineralienhandel-ebeling.de\/en\/warenkorb\/","title":{"rendered":"Warenkorb"},"content":{"rendered":"<div data-elementor-type=\"wp-page\" data-elementor-id=\"61\" class=\"elementor elementor-61\" data-elementor-post-type=\"page\">\n\t\t\t\t<div class=\"elementor-element elementor-element-e85524d e-flex e-con-boxed e-con e-parent\" data-id=\"e85524d\" data-element_type=\"container\" data-e-type=\"container\">\n\t\t\t\t\t<div class=\"e-con-inner\">\n\t\t\t\t<div class=\"elementor-element elementor-element-6036459 elementor-widget__width-inherit elementor-widget elementor-widget-heading\" data-id=\"6036459\" data-element_type=\"widget\" data-e-type=\"widget\" data-widget_type=\"heading.default\">\n\t\t\t\t<div class=\"elementor-widget-container\">\n\t\t\t\t\t<h2 class=\"elementor-heading-title elementor-size-default\">Warenkorb<\/h2>\t\t\t\t<\/div>\n\t\t\t\t<\/div>\n\t\t<div class=\"elementor-element elementor-element-e28b76a e-con-full e-flex e-con e-child\" data-id=\"e28b76a\" data-element_type=\"container\" data-e-type=\"container\">\n\t\t\t\t<div class=\"elementor-element elementor-element-09f881f elementor-widget elementor-widget-image\" data-id=\"09f881f\" data-element_type=\"widget\" data-e-type=\"widget\" data-widget_type=\"image.default\">\n\t\t\t\t<div class=\"elementor-widget-container\">\n\t\t\t\t\t\t\t\t\t\t\t\t\t\t\t<img decoding=\"async\" width=\"180\" height=\"180\" src=\"https:\/\/mineralienhandel-ebeling.de\/wp-content\/uploads\/2024\/06\/Group3.png\" class=\"attachment-large size-large wp-image-123\" alt=\"\" srcset=\"https:\/\/mineralienhandel-ebeling.de\/wp-content\/uploads\/2024\/06\/Group3.png 180w, https:\/\/mineralienhandel-ebeling.de\/wp-content\/uploads\/2024\/06\/Group3-100x100.png 100w, https:\/\/mineralienhandel-ebeling.de\/wp-content\/uploads\/2024\/06\/Group3-150x150.png 150w\" sizes=\"(max-width: 180px) 100vw, 180px\" \/>\t\t\t\t\t\t\t\t\t\t\t\t\t\t\t<\/div>\n\t\t\t\t<\/div>\n\t\t\t\t<div class=\"elementor-element elementor-element-873c62d elementor-widget__width-initial elementor-widget elementor-widget-text-editor\" data-id=\"873c62d\" data-element_type=\"widget\" data-e-type=\"widget\" data-widget_type=\"text-editor.default\">\n\t\t\t\t<div class=\"elementor-widget-container\">\n\t\t\t\t\t\t\t\t\t<p>Wir m\u00f6chten Sie dar\u00fcber informieren, dass der Versand unserer Produkte nur einmal pro Woche stattfindet &#8211; Am Donnerstag.<br \/>Mit dieser Ma\u00dfnahme m\u00f6chten wir einen effizienteren und nachhaltigeren Versand gew\u00e4hrleisten.<br \/>Derzeit erfolgen unsere Lieferungen ausschlie\u00dflich innerhalb Deutschlands. Wir planen jedoch, dies in naher Zukunft zu \u00e4ndern, und werden euch selbstverst\u00e4ndlich rechtzeitig dar\u00fcber informieren.<\/p>\t\t\t\t\t\t\t\t<\/div>\n\t\t\t\t<\/div>\n\t\t\t\t<\/div>\n\t\t\t\t\t<\/div>\n\t\t\t\t<\/div>\n\t\t\t\t<\/div>","protected":false},"excerpt":{"rendered":"<p>Warenkorb Wir m\u00f6chten Sie dar\u00fcber informieren, dass der Versand unserer Produkte nur einmal pro Woche stattfindet &#8211; Am Donnerstag.Mit dieser Ma\u00dfnahme m\u00f6chten wir einen effizienteren und nachhaltigeren Versand gew\u00e4hrleisten.Derzeit erfolgen unsere Lieferungen ausschlie\u00dflich innerhalb Deutschlands. Wir planen jedoch, dies in naher Zukunft zu \u00e4ndern, und werden euch selbstverst\u00e4ndlich rechtzeitig dar\u00fcber informieren. Dein Warenkorb ist gegenw\u00e4rtig [&hellip;]<\/p>\n","protected":false},"author":1,"featured_media":0,"parent":0,"menu_order":4,"comment_status":"closed","ping_status":"closed","template":"","meta":{"_acf_changed":false,"footnotes":""},"class_list":["post-61","page","type-page","status-publish","hentry"],"acf":[],"yoast_head":"<!-- This site is optimized with the Yoast SEO plugin v27.4 - https:\/\/yoast.com\/product\/yoast-seo-wordpress\/ -->\n<title>Warenkorb - Mineralienhandel Ebeling<\/title>\n<meta name=\"robots\" content=\"index, follow, max-snippet:-1, max-image-preview:large, max-video-preview:-1\" \/>\n<link rel=\"canonical\" href=\"https:\/\/mineralienhandel-ebeling.de\/en\/warenkorb\/\" \/>\n<meta property=\"og:locale\" content=\"en_US\" \/>\n<meta property=\"og:type\" content=\"article\" \/>\n<meta property=\"og:title\" content=\"Warenkorb - Mineralienhandel Ebeling\" \/>\n<meta property=\"og:description\" content=\"Warenkorb Wir m\u00f6chten Sie dar\u00fcber informieren, dass der Versand unserer Produkte nur einmal pro Woche stattfindet &#8211; Am Donnerstag.Mit dieser Ma\u00dfnahme m\u00f6chten wir einen effizienteren und nachhaltigeren Versand gew\u00e4hrleisten.Derzeit erfolgen unsere Lieferungen ausschlie\u00dflich innerhalb Deutschlands. Wir planen jedoch, dies in naher Zukunft zu \u00e4ndern, und werden euch selbstverst\u00e4ndlich rechtzeitig dar\u00fcber informieren. Dein Warenkorb ist gegenw\u00e4rtig [&hellip;]\" \/>\n<meta property=\"og:url\" content=\"https:\/\/mineralienhandel-ebeling.de\/en\/warenkorb\/\" \/>\n<meta property=\"og:site_name\" content=\"Mineralienhandel Ebeling\" \/>\n<meta property=\"article:publisher\" content=\"https:\/\/www.facebook.com\/share\/1Ck1G3NdMX\/?mibextid=wwXIfr\" \/>\n<meta property=\"article:modified_time\" content=\"2025-01-18T12:50:45+00:00\" \/>\n<meta property=\"og:image\" content=\"https:\/\/mineralienhandel-ebeling.de\/wp-content\/uploads\/2024\/06\/Group3.png\" \/>\n\t<meta property=\"og:image:width\" content=\"180\" \/>\n\t<meta property=\"og:image:height\" content=\"180\" \/>\n\t<meta property=\"og:image:type\" content=\"image\/png\" \/>\n<meta name=\"twitter:card\" content=\"summary_large_image\" \/>\n<meta name=\"twitter:label1\" content=\"Est. reading time\" \/>\n\t<meta name=\"twitter:data1\" content=\"1 minute\" \/>\n<script type=\"application\/ld+json\" class=\"yoast-schema-graph\">{\"@context\":\"https:\\\/\\\/schema.org\",\"@graph\":[{\"@type\":\"WebPage\",\"@id\":\"https:\\\/\\\/mineralienhandel-ebeling.de\\\/warenkorb\\\/\",\"url\":\"https:\\\/\\\/mineralienhandel-ebeling.de\\\/warenkorb\\\/\",\"name\":\"Warenkorb - Mineralienhandel Ebeling\",\"isPartOf\":{\"@id\":\"https:\\\/\\\/mineralienhandel-ebeling.de\\\/#website\"},\"primaryImageOfPage\":{\"@id\":\"https:\\\/\\\/mineralienhandel-ebeling.de\\\/warenkorb\\\/#primaryimage\"},\"image\":{\"@id\":\"https:\\\/\\\/mineralienhandel-ebeling.de\\\/warenkorb\\\/#primaryimage\"},\"thumbnailUrl\":\"https:\\\/\\\/mineralienhandel-ebeling.de\\\/wp-content\\\/uploads\\\/2024\\\/06\\\/Group3.png\",\"datePublished\":\"2024-06-12T21:45:19+00:00\",\"dateModified\":\"2025-01-18T12:50:45+00:00\",\"breadcrumb\":{\"@id\":\"https:\\\/\\\/mineralienhandel-ebeling.de\\\/warenkorb\\\/#breadcrumb\"},\"inLanguage\":\"en-US\",\"potentialAction\":[{\"@type\":\"ReadAction\",\"target\":[\"https:\\\/\\\/mineralienhandel-ebeling.de\\\/warenkorb\\\/\"]}]},{\"@type\":\"ImageObject\",\"inLanguage\":\"en-US\",\"@id\":\"https:\\\/\\\/mineralienhandel-ebeling.de\\\/warenkorb\\\/#primaryimage\",\"url\":\"https:\\\/\\\/mineralienhandel-ebeling.de\\\/wp-content\\\/uploads\\\/2024\\\/06\\\/Group3.png\",\"contentUrl\":\"https:\\\/\\\/mineralienhandel-ebeling.de\\\/wp-content\\\/uploads\\\/2024\\\/06\\\/Group3.png\"},{\"@type\":\"BreadcrumbList\",\"@id\":\"https:\\\/\\\/mineralienhandel-ebeling.de\\\/warenkorb\\\/#breadcrumb\",\"itemListElement\":[{\"@type\":\"ListItem\",\"position\":1,\"name\":\"Startseite\",\"item\":\"https:\\\/\\\/mineralienhandel-ebeling.de\\\/\"},{\"@type\":\"ListItem\",\"position\":2,\"name\":\"Warenkorb\"}]},{\"@type\":\"WebSite\",\"@id\":\"https:\\\/\\\/mineralienhandel-ebeling.de\\\/#website\",\"url\":\"https:\\\/\\\/mineralienhandel-ebeling.de\\\/\",\"name\":\"Mineralienhandel Ebeling\",\"description\":\"\",\"publisher\":{\"@id\":\"https:\\\/\\\/mineralienhandel-ebeling.de\\\/#organization\"},\"potentialAction\":[{\"@type\":\"SearchAction\",\"target\":{\"@type\":\"EntryPoint\",\"urlTemplate\":\"https:\\\/\\\/mineralienhandel-ebeling.de\\\/?s={search_term_string}\"},\"query-input\":{\"@type\":\"PropertyValueSpecification\",\"valueRequired\":true,\"valueName\":\"search_term_string\"}}],\"inLanguage\":\"en-US\"},{\"@type\":\"Organization\",\"@id\":\"https:\\\/\\\/mineralienhandel-ebeling.de\\\/#organization\",\"name\":\"Mineralienhandel Ebeling\",\"url\":\"https:\\\/\\\/mineralienhandel-ebeling.de\\\/\",\"logo\":{\"@type\":\"ImageObject\",\"inLanguage\":\"en-US\",\"@id\":\"https:\\\/\\\/mineralienhandel-ebeling.de\\\/#\\\/schema\\\/logo\\\/image\\\/\",\"url\":\"https:\\\/\\\/mineralienhandel-ebeling.de\\\/wp-content\\\/uploads\\\/2024\\\/06\\\/Logo-Andreas-Ebeling.jpg\",\"contentUrl\":\"https:\\\/\\\/mineralienhandel-ebeling.de\\\/wp-content\\\/uploads\\\/2024\\\/06\\\/Logo-Andreas-Ebeling.jpg\",\"width\":800,\"height\":800,\"caption\":\"Mineralienhandel Ebeling\"},\"image\":{\"@id\":\"https:\\\/\\\/mineralienhandel-ebeling.de\\\/#\\\/schema\\\/logo\\\/image\\\/\"},\"sameAs\":[\"https:\\\/\\\/www.facebook.com\\\/share\\\/1Ck1G3NdMX\\\/?mibextid=wwXIfr\",\"https:\\\/\\\/www.instagram.com\\\/mineralienhandel_ebeling?igsh=MTJ5end6dHkxMXE4NQ==&utm_source=qr\"]}]}<\/script>\n<!-- \/ Yoast SEO plugin. -->","yoast_head_json":{"title":"Warenkorb - Mineralienhandel Ebeling","robots":{"index":"index","follow":"follow","max-snippet":"max-snippet:-1","max-image-preview":"max-image-preview:large","max-video-preview":"max-video-preview:-1"},"canonical":"https:\/\/mineralienhandel-ebeling.de\/en\/warenkorb\/","og_locale":"en_US","og_type":"article","og_title":"Warenkorb - Mineralienhandel Ebeling","og_description":"Warenkorb Wir m\u00f6chten Sie dar\u00fcber informieren, dass der Versand unserer Produkte nur einmal pro Woche stattfindet &#8211; Am Donnerstag.Mit dieser Ma\u00dfnahme m\u00f6chten wir einen effizienteren und nachhaltigeren Versand gew\u00e4hrleisten.Derzeit erfolgen unsere Lieferungen ausschlie\u00dflich innerhalb Deutschlands. Wir planen jedoch, dies in naher Zukunft zu \u00e4ndern, und werden euch selbstverst\u00e4ndlich rechtzeitig dar\u00fcber informieren. Dein Warenkorb ist gegenw\u00e4rtig [&hellip;]","og_url":"https:\/\/mineralienhandel-ebeling.de\/en\/warenkorb\/","og_site_name":"Mineralienhandel Ebeling","article_publisher":"https:\/\/www.facebook.com\/share\/1Ck1G3NdMX\/?mibextid=wwXIfr","article_modified_time":"2025-01-18T12:50:45+00:00","og_image":[{"width":180,"height":180,"url":"https:\/\/mineralienhandel-ebeling.de\/wp-content\/uploads\/2024\/06\/Group3.png","type":"image\/png"}],"twitter_card":"summary_large_image","twitter_misc":{"Est. reading time":"1 minute"},"schema":{"@context":"https:\/\/schema.org","@graph":[{"@type":"WebPage","@id":"https:\/\/mineralienhandel-ebeling.de\/warenkorb\/","url":"https:\/\/mineralienhandel-ebeling.de\/warenkorb\/","name":"Warenkorb - Mineralienhandel Ebeling","isPartOf":{"@id":"https:\/\/mineralienhandel-ebeling.de\/#website"},"primaryImageOfPage":{"@id":"https:\/\/mineralienhandel-ebeling.de\/warenkorb\/#primaryimage"},"image":{"@id":"https:\/\/mineralienhandel-ebeling.de\/warenkorb\/#primaryimage"},"thumbnailUrl":"https:\/\/mineralienhandel-ebeling.de\/wp-content\/uploads\/2024\/06\/Group3.png","datePublished":"2024-06-12T21:45:19+00:00","dateModified":"2025-01-18T12:50:45+00:00","breadcrumb":{"@id":"https:\/\/mineralienhandel-ebeling.de\/warenkorb\/#breadcrumb"},"inLanguage":"en-US","potentialAction":[{"@type":"ReadAction","target":["https:\/\/mineralienhandel-ebeling.de\/warenkorb\/"]}]},{"@type":"ImageObject","inLanguage":"en-US","@id":"https:\/\/mineralienhandel-ebeling.de\/warenkorb\/#primaryimage","url":"https:\/\/mineralienhandel-ebeling.de\/wp-content\/uploads\/2024\/06\/Group3.png","contentUrl":"https:\/\/mineralienhandel-ebeling.de\/wp-content\/uploads\/2024\/06\/Group3.png"},{"@type":"BreadcrumbList","@id":"https:\/\/mineralienhandel-ebeling.de\/warenkorb\/#breadcrumb","itemListElement":[{"@type":"ListItem","position":1,"name":"Startseite","item":"https:\/\/mineralienhandel-ebeling.de\/"},{"@type":"ListItem","position":2,"name":"Warenkorb"}]},{"@type":"WebSite","@id":"https:\/\/mineralienhandel-ebeling.de\/#website","url":"https:\/\/mineralienhandel-ebeling.de\/","name":"Mineralienhandel Ebeling","description":"","publisher":{"@id":"https:\/\/mineralienhandel-ebeling.de\/#organization"},"potentialAction":[{"@type":"SearchAction","target":{"@type":"EntryPoint","urlTemplate":"https:\/\/mineralienhandel-ebeling.de\/?s={search_term_string}"},"query-input":{"@type":"PropertyValueSpecification","valueRequired":true,"valueName":"search_term_string"}}],"inLanguage":"en-US"},{"@type":"Organization","@id":"https:\/\/mineralienhandel-ebeling.de\/#organization","name":"Mineralienhandel Ebeling","url":"https:\/\/mineralienhandel-ebeling.de\/","logo":{"@type":"ImageObject","inLanguage":"en-US","@id":"https:\/\/mineralienhandel-ebeling.de\/#\/schema\/logo\/image\/","url":"https:\/\/mineralienhandel-ebeling.de\/wp-content\/uploads\/2024\/06\/Logo-Andreas-Ebeling.jpg","contentUrl":"https:\/\/mineralienhandel-ebeling.de\/wp-content\/uploads\/2024\/06\/Logo-Andreas-Ebeling.jpg","width":800,"height":800,"caption":"Mineralienhandel Ebeling"},"image":{"@id":"https:\/\/mineralienhandel-ebeling.de\/#\/schema\/logo\/image\/"},"sameAs":["https:\/\/www.facebook.com\/share\/1Ck1G3NdMX\/?mibextid=wwXIfr","https:\/\/www.instagram.com\/mineralienhandel_ebeling?igsh=MTJ5end6dHkxMXE4NQ==&utm_source=qr"]}]}},"_links":{"self":[{"href":"https:\/\/mineralienhandel-ebeling.de\/en\/wp-json\/wp\/v2\/pages\/61","targetHints":{"allow":["GET"]}}],"collection":[{"href":"https:\/\/mineralienhandel-ebeling.de\/en\/wp-json\/wp\/v2\/pages"}],"about":[{"href":"https:\/\/mineralienhandel-ebeling.de\/en\/wp-json\/wp\/v2\/types\/page"}],"author":[{"embeddable":true,"href":"https:\/\/mineralienhandel-ebeling.de\/en\/wp-json\/wp\/v2\/users\/1"}],"replies":[{"embeddable":true,"href":"https:\/\/mineralienhandel-ebeling.de\/en\/wp-json\/wp\/v2\/comments?post=61"}],"version-history":[{"count":10,"href":"https:\/\/mineralienhandel-ebeling.de\/en\/wp-json\/wp\/v2\/pages\/61\/revisions"}],"predecessor-version":[{"id":3325,"href":"https:\/\/mineralienhandel-ebeling.de\/en\/wp-json\/wp\/v2\/pages\/61\/revisions\/3325"}],"wp:attachment":[{"href":"https:\/\/mineralienhandel-ebeling.de\/en\/wp-json\/wp\/v2\/media?parent=61"}],"curies":[{"name":"wp","href":"https:\/\/api.w.org\/{rel}","templated":true}]}}